{"id":2402,"date":"2025-02-14T16:51:56","date_gmt":"2025-02-14T16:51:56","guid":{"rendered":"https:\/\/as.vanderbilt.edu\/clacx\/?page_id=2402"},"modified":"2025-02-14T16:51:56","modified_gmt":"2025-02-14T16:51:56","slug":"galeria-fotografica-indigital","status":"publish","type":"page","link":"https:\/\/as.vanderbilt.edu\/clacx\/events\/indigital-v-2025\/v-conferencia-indigital-2025\/galeria-fotografica-indigital\/","title":{"rendered":"Galer\u00eda fotogr\u00e1fica InDigital"},"content":{"rendered":"<h2>InDigital IV &#8211; 2023<\/h2>\n<figure id=\"attachment_2249\" aria-describedby=\"caption-attachment-2249\" style=\"width: 750px\" class=\"wp-caption aligncenter\"><a href=\"https:\/\/as.vanderbilt.edu\/clacx\/events\/indigital\/past-events\/indigital-photo-gallery\/screenshot-2024-11-22-at-4-26-25-pm\/\" rel=\"attachment wp-att-2249\"><img loading=\"lazy\" class=\"wp-image-2249 size-large\" src=\"https:\/\/cdn.vanderbilt.edu\/vu-cas\/wp-content\/uploads\/sites\/27\/2024\/11\/22193039\/Screenshot-2024-11-22-at-4.26.25-PM-1024x413.png\" alt=\"\" width=\"750\" height=\"302\" srcset=\"https:\/\/cdn.vanderbilt.edu\/vu-cas\/wp-content\/uploads\/sites\/27\/2024\/11\/22193039\/Screenshot-2024-11-22-at-4.26.25-PM-1024x413.png 1024w, https:\/\/cdn.vanderbilt.edu\/vu-cas\/wp-content\/uploads\/sites\/27\/2024\/11\/22193039\/Screenshot-2024-11-22-at-4.26.25-PM-300x121.png 300w, https:\/\/cdn.vanderbilt.edu\/vu-cas\/wp-content\/uploads\/sites\/27\/2024\/11\/22193039\/Screenshot-2024-11-22-at-4.26.25-PM-768x309.png 768w, https:\/\/cdn.vanderbilt.edu\/vu-cas\/wp-content\/uploads\/sites\/27\/2024\/11\/22193039\/Screenshot-2024-11-22-at-4.26.25-PM-1536x619.png 1536w, https:\/\/cdn.vanderbilt.edu\/vu-cas\/wp-content\/uploads\/sites\/27\/2024\/11\/22193039\/Screenshot-2024-11-22-at-4.26.25-PM.png 2030w\" sizes=\"(max-width: 750px) 100vw, 750px\" \/><\/a><figcaption id=\"caption-attachment-2249\" class=\"wp-caption-text\">Participantes y miembros del p\u00fablico clausuran la conferencia InDigital 2023. &#8211;<br \/>Foto cortes\u00eda de Paul Chilsen<\/figcaption><\/figure>\n<figure id=\"attachment_2252\" aria-describedby=\"caption-attachment-2252\" style=\"width: 750px\" class=\"wp-caption aligncenter\"><a href=\"https:\/\/as.vanderbilt.edu\/clacx\/events\/indigital\/past-events\/indigital-photo-gallery\/screenshot-2024-11-22-at-4-27-56-pm\/\" rel=\"attachment wp-att-2252\"><img loading=\"lazy\" class=\"wp-image-2252 size-large\" src=\"https:\/\/cdn.vanderbilt.edu\/vu-cas\/wp-content\/uploads\/sites\/27\/2024\/11\/22193100\/Screenshot-2024-11-22-at-4.27.56-PM-1024x454.png\" alt=\"\" width=\"750\" height=\"333\" srcset=\"https:\/\/cdn.vanderbilt.edu\/vu-cas\/wp-content\/uploads\/sites\/27\/2024\/11\/22193100\/Screenshot-2024-11-22-at-4.27.56-PM-1024x454.png 1024w, https:\/\/cdn.vanderbilt.edu\/vu-cas\/wp-content\/uploads\/sites\/27\/2024\/11\/22193100\/Screenshot-2024-11-22-at-4.27.56-PM-300x133.png 300w, https:\/\/cdn.vanderbilt.edu\/vu-cas\/wp-content\/uploads\/sites\/27\/2024\/11\/22193100\/Screenshot-2024-11-22-at-4.27.56-PM-768x340.png 768w, https:\/\/cdn.vanderbilt.edu\/vu-cas\/wp-content\/uploads\/sites\/27\/2024\/11\/22193100\/Screenshot-2024-11-22-at-4.27.56-PM.png 1178w\" sizes=\"(max-width: 750px) 100vw, 750px\" \/><\/a><figcaption id=\"caption-attachment-2252\" class=\"wp-caption-text\">El cacique Kaket Bepuneiti se dirige al p\u00fablico. &#8211;<br \/>Foto cortes\u00eda de Francisco Huichaqueo<\/figcaption><\/figure>\n<figure id=\"attachment_2248\" aria-describedby=\"caption-attachment-2248\" style=\"width: 750px\" class=\"wp-caption aligncenter\"><a href=\"https:\/\/as.vanderbilt.edu\/clacx\/events\/indigital\/past-events\/indigital-photo-gallery\/screenshot-2024-11-22-at-4-28-18-pm\/\" rel=\"attachment wp-att-2248\"><img loading=\"lazy\" class=\"wp-image-2248 size-large\" src=\"https:\/\/cdn.vanderbilt.edu\/vu-cas\/wp-content\/uploads\/sites\/27\/2024\/11\/22193027\/Screenshot-2024-11-22-at-4.28.18-PM-1024x457.png\" alt=\"\" width=\"750\" height=\"335\" srcset=\"https:\/\/cdn.vanderbilt.edu\/vu-cas\/wp-content\/uploads\/sites\/27\/2024\/11\/22193027\/Screenshot-2024-11-22-at-4.28.18-PM-1024x457.png 1024w, https:\/\/cdn.vanderbilt.edu\/vu-cas\/wp-content\/uploads\/sites\/27\/2024\/11\/22193027\/Screenshot-2024-11-22-at-4.28.18-PM-300x134.png 300w, https:\/\/cdn.vanderbilt.edu\/vu-cas\/wp-content\/uploads\/sites\/27\/2024\/11\/22193027\/Screenshot-2024-11-22-at-4.28.18-PM-768x342.png 768w, https:\/\/cdn.vanderbilt.edu\/vu-cas\/wp-content\/uploads\/sites\/27\/2024\/11\/22193027\/Screenshot-2024-11-22-at-4.28.18-PM-1536x685.png 1536w, https:\/\/cdn.vanderbilt.edu\/vu-cas\/wp-content\/uploads\/sites\/27\/2024\/11\/22193027\/Screenshot-2024-11-22-at-4.28.18-PM.png 1610w\" sizes=\"(max-width: 750px) 100vw, 750px\" \/><\/a><figcaption id=\"caption-attachment-2248\" class=\"wp-caption-text\">Orador principal Francisco Huichaqueo. &#8211;<br \/>Foto de Amalia C\u00f3rdova<\/figcaption><\/figure>\n<figure id=\"attachment_2251\" aria-describedby=\"caption-attachment-2251\" style=\"width: 750px\" class=\"wp-caption aligncenter\"><a href=\"https:\/\/as.vanderbilt.edu\/clacx\/events\/indigital\/past-events\/indigital-photo-gallery\/screenshot-2024-11-22-at-4-27-03-pm\/\" rel=\"attachment wp-att-2251\"><img loading=\"lazy\" class=\"wp-image-2251 size-large\" src=\"https:\/\/cdn.vanderbilt.edu\/vu-cas\/wp-content\/uploads\/sites\/27\/2024\/11\/22193053\/Screenshot-2024-11-22-at-4.27.03-PM-1024x334.png\" alt=\"\" width=\"750\" height=\"245\" srcset=\"https:\/\/cdn.vanderbilt.edu\/vu-cas\/wp-content\/uploads\/sites\/27\/2024\/11\/22193053\/Screenshot-2024-11-22-at-4.27.03-PM-1024x334.png 1024w, https:\/\/cdn.vanderbilt.edu\/vu-cas\/wp-content\/uploads\/sites\/27\/2024\/11\/22193053\/Screenshot-2024-11-22-at-4.27.03-PM-300x98.png 300w, https:\/\/cdn.vanderbilt.edu\/vu-cas\/wp-content\/uploads\/sites\/27\/2024\/11\/22193053\/Screenshot-2024-11-22-at-4.27.03-PM-768x250.png 768w, https:\/\/cdn.vanderbilt.edu\/vu-cas\/wp-content\/uploads\/sites\/27\/2024\/11\/22193053\/Screenshot-2024-11-22-at-4.27.03-PM-1536x501.png 1536w, https:\/\/cdn.vanderbilt.edu\/vu-cas\/wp-content\/uploads\/sites\/27\/2024\/11\/22193053\/Screenshot-2024-11-22-at-4.27.03-PM-2048x668.png 2048w\" sizes=\"(max-width: 750px) 100vw, 750px\" \/><\/a><figcaption id=\"caption-attachment-2251\" class=\"wp-caption-text\">Gr\u00e1ficos guardar la fecha en ingl\u00e9s, portugu\u00e9s y espa\u00f1ol. &#8211;<br \/>Material gr\u00e1fico original utilizado con permiso de la fot\u00f3grafa y cineasta Kamikia Kis\u00eadj\u00ea<\/figcaption><\/figure>\n<figure id=\"attachment_2253\" aria-describedby=\"caption-attachment-2253\" style=\"width: 750px\" class=\"wp-caption aligncenter\"><a href=\"https:\/\/as.vanderbilt.edu\/clacx\/events\/indigital\/past-events\/indigital-photo-gallery\/screenshot-2024-11-22-at-4-28-40-pm\/\" rel=\"attachment wp-att-2253\"><img loading=\"lazy\" class=\"wp-image-2253 size-large\" src=\"https:\/\/cdn.vanderbilt.edu\/vu-cas\/wp-content\/uploads\/sites\/27\/2024\/11\/22193108\/Screenshot-2024-11-22-at-4.28.40-PM-1024x678.png\" alt=\"\" width=\"750\" height=\"497\" srcset=\"https:\/\/cdn.vanderbilt.edu\/vu-cas\/wp-content\/uploads\/sites\/27\/2024\/11\/22193108\/Screenshot-2024-11-22-at-4.28.40-PM-1024x678.png 1024w, https:\/\/cdn.vanderbilt.edu\/vu-cas\/wp-content\/uploads\/sites\/27\/2024\/11\/22193108\/Screenshot-2024-11-22-at-4.28.40-PM-300x199.png 300w, https:\/\/cdn.vanderbilt.edu\/vu-cas\/wp-content\/uploads\/sites\/27\/2024\/11\/22193108\/Screenshot-2024-11-22-at-4.28.40-PM-768x508.png 768w, https:\/\/cdn.vanderbilt.edu\/vu-cas\/wp-content\/uploads\/sites\/27\/2024\/11\/22193108\/Screenshot-2024-11-22-at-4.28.40-PM.png 1462w\" sizes=\"(max-width: 750px) 100vw, 750px\" \/><\/a><figcaption id=\"caption-attachment-2253\" class=\"wp-caption-text\">InDigital IV Mesa redonda de cineastas. De izquierda a derecha: la moderadora Amalia C\u00f3rdova con los directores Brkywipoi Kayap\u00f3, Laura Zanotti (traductora), Kalutata Kuikuro, Angelo Baca, Andr\u00e9 Lopes (codirector, New York, Just Another City), Juan Javier P\u00e9rez (director, Vaychiletik), Jonathan Sims y Jonathan Ray. &#8211; Fotograf\u00eda cortes\u00eda de Francisco Huichaqueo<\/figcaption><\/figure>\n<figure id=\"attachment_2254\" aria-describedby=\"caption-attachment-2254\" style=\"width: 784px\" class=\"wp-caption aligncenter\"><a href=\"https:\/\/as.vanderbilt.edu\/clacx\/events\/indigital\/past-events\/indigital-photo-gallery\/screenshot-2024-11-22-at-4-25-17-pm\/\" rel=\"attachment wp-att-2254\"><img loading=\"lazy\" class=\"wp-image-2254 size-full\" src=\"https:\/\/cdn.vanderbilt.edu\/vu-cas\/wp-content\/uploads\/sites\/27\/2024\/11\/22193117\/Screenshot-2024-11-22-at-4.25.17-PM.png\" alt=\"\" width=\"784\" height=\"526\" srcset=\"https:\/\/cdn.vanderbilt.edu\/vu-cas\/wp-content\/uploads\/sites\/27\/2024\/11\/22193117\/Screenshot-2024-11-22-at-4.25.17-PM.png 784w, https:\/\/cdn.vanderbilt.edu\/vu-cas\/wp-content\/uploads\/sites\/27\/2024\/11\/22193117\/Screenshot-2024-11-22-at-4.25.17-PM-300x201.png 300w, https:\/\/cdn.vanderbilt.edu\/vu-cas\/wp-content\/uploads\/sites\/27\/2024\/11\/22193117\/Screenshot-2024-11-22-at-4.25.17-PM-768x515.png 768w\" sizes=\"(max-width: 784px) 100vw, 784px\" \/><\/a><figcaption id=\"caption-attachment-2254\" class=\"wp-caption-text\">Gustavo Ulcu\u00e9 habla durante su presentaci\u00f3n del Panel 1. A su lado se sienta Carolina Soler. &#8211;<br \/>Foto de Amalia Cordova<\/figcaption><\/figure>\n<figure id=\"attachment_2255\" aria-describedby=\"caption-attachment-2255\" style=\"width: 750px\" class=\"wp-caption aligncenter\"><a href=\"https:\/\/as.vanderbilt.edu\/clacx\/events\/indigital\/past-events\/indigital-photo-gallery\/screenshot-2024-11-22-at-4-27-28-pm\/\" rel=\"attachment wp-att-2255\"><img loading=\"lazy\" class=\"wp-image-2255 size-large\" src=\"https:\/\/cdn.vanderbilt.edu\/vu-cas\/wp-content\/uploads\/sites\/27\/2024\/11\/22193123\/Screenshot-2024-11-22-at-4.27.28-PM-1024x680.png\" alt=\"\" width=\"750\" height=\"498\" srcset=\"https:\/\/cdn.vanderbilt.edu\/vu-cas\/wp-content\/uploads\/sites\/27\/2024\/11\/22193123\/Screenshot-2024-11-22-at-4.27.28-PM-1024x680.png 1024w, https:\/\/cdn.vanderbilt.edu\/vu-cas\/wp-content\/uploads\/sites\/27\/2024\/11\/22193123\/Screenshot-2024-11-22-at-4.27.28-PM-300x199.png 300w, https:\/\/cdn.vanderbilt.edu\/vu-cas\/wp-content\/uploads\/sites\/27\/2024\/11\/22193123\/Screenshot-2024-11-22-at-4.27.28-PM-768x510.png 768w, https:\/\/cdn.vanderbilt.edu\/vu-cas\/wp-content\/uploads\/sites\/27\/2024\/11\/22193123\/Screenshot-2024-11-22-at-4.27.28-PM.png 1358w\" sizes=\"(max-width: 750px) 100vw, 750px\" \/><\/a><figcaption id=\"caption-attachment-2255\" class=\"wp-caption-text\">Richard Pace modera el Panel 1, en el que se presenta la obra de Carolina Soler, Gustavo Ulcu\u00e9 y Angelo Baca. &#8211;<br \/>Foto cortes\u00eda de Francisco Huichaqueo<\/figcaption><\/figure>\n<figure id=\"attachment_2250\" aria-describedby=\"caption-attachment-2250\" style=\"width: 750px\" class=\"wp-caption aligncenter\"><a href=\"https:\/\/as.vanderbilt.edu\/clacx\/events\/indigital\/past-events\/indigital-photo-gallery\/screenshot-2024-11-22-at-4-29-18-pm\/\" rel=\"attachment wp-att-2250\"><img loading=\"lazy\" class=\"wp-image-2250 size-large\" src=\"https:\/\/cdn.vanderbilt.edu\/vu-cas\/wp-content\/uploads\/sites\/27\/2024\/11\/22193047\/Screenshot-2024-11-22-at-4.29.18-PM-1024x681.png\" alt=\"\" width=\"750\" height=\"499\" srcset=\"https:\/\/cdn.vanderbilt.edu\/vu-cas\/wp-content\/uploads\/sites\/27\/2024\/11\/22193047\/Screenshot-2024-11-22-at-4.29.18-PM-1024x681.png 1024w, https:\/\/cdn.vanderbilt.edu\/vu-cas\/wp-content\/uploads\/sites\/27\/2024\/11\/22193047\/Screenshot-2024-11-22-at-4.29.18-PM-300x199.png 300w, https:\/\/cdn.vanderbilt.edu\/vu-cas\/wp-content\/uploads\/sites\/27\/2024\/11\/22193047\/Screenshot-2024-11-22-at-4.29.18-PM-768x511.png 768w, https:\/\/cdn.vanderbilt.edu\/vu-cas\/wp-content\/uploads\/sites\/27\/2024\/11\/22193047\/Screenshot-2024-11-22-at-4.29.18-PM.png 1110w\" sizes=\"(max-width: 750px) 100vw, 750px\" \/><\/a><figcaption id=\"caption-attachment-2250\" class=\"wp-caption-text\">Francisco Huichaqueo bendice la colecci\u00f3n mapuche en la exposici\u00f3n Nuestros Universos del Museo Nacional del Ind\u00edgena Americano. &#8211;<br \/>Foto cortes\u00eda de Francisco Huichaqueo<\/figcaption><\/figure>\n<figure id=\"attachment_2256\" aria-describedby=\"caption-attachment-2256\" style=\"width: 750px\" class=\"wp-caption aligncenter\"><a href=\"https:\/\/as.vanderbilt.edu\/clacx\/events\/indigital\/past-events\/indigital-photo-gallery\/screenshot-2024-11-22-at-4-29-05-pm\/\" rel=\"attachment wp-att-2256\"><img loading=\"lazy\" class=\"wp-image-2256 size-large\" src=\"https:\/\/cdn.vanderbilt.edu\/vu-cas\/wp-content\/uploads\/sites\/27\/2024\/11\/22193133\/Screenshot-2024-11-22-at-4.29.05-PM-1024x456.png\" alt=\"\" width=\"750\" height=\"334\" srcset=\"https:\/\/cdn.vanderbilt.edu\/vu-cas\/wp-content\/uploads\/sites\/27\/2024\/11\/22193133\/Screenshot-2024-11-22-at-4.29.05-PM-1024x456.png 1024w, https:\/\/cdn.vanderbilt.edu\/vu-cas\/wp-content\/uploads\/sites\/27\/2024\/11\/22193133\/Screenshot-2024-11-22-at-4.29.05-PM-300x134.png 300w, https:\/\/cdn.vanderbilt.edu\/vu-cas\/wp-content\/uploads\/sites\/27\/2024\/11\/22193133\/Screenshot-2024-11-22-at-4.29.05-PM-768x342.png 768w, https:\/\/cdn.vanderbilt.edu\/vu-cas\/wp-content\/uploads\/sites\/27\/2024\/11\/22193133\/Screenshot-2024-11-22-at-4.29.05-PM.png 1110w\" sizes=\"(max-width: 750px) 100vw, 750px\" \/><\/a><figcaption id=\"caption-attachment-2256\" class=\"wp-caption-text\">Int\u00e9rpretes trabajando durante la conferencia de 2023. &#8211;<br \/>Foto de Amalia C\u00f3rdova<\/figcaption><\/figure>\n<p>&nbsp;<\/p>\n<div class=\"notranslate\"><\/div>\n","protected":false},"excerpt":{"rendered":"<p>InDigital IV &#8211; 2023 &nbsp;<\/p>\n","protected":false},"author":184,"featured_media":0,"parent":2367,"menu_order":5,"comment_status":"closed","ping_status":"closed","template":"","meta":{"spay_email":""},"tags":[],"acf":[],"_links":{"self":[{"href":"https:\/\/as.vanderbilt.edu\/clacx\/wp-json\/wp\/v2\/pages\/2402"}],"collection":[{"href":"https:\/\/as.vanderbilt.edu\/clacx\/wp-json\/wp\/v2\/pages"}],"about":[{"href":"https:\/\/as.vanderbilt.edu\/clacx\/wp-json\/wp\/v2\/types\/page"}],"author":[{"embeddable":true,"href":"https:\/\/as.vanderbilt.edu\/clacx\/wp-json\/wp\/v2\/users\/184"}],"replies":[{"embeddable":true,"href":"https:\/\/as.vanderbilt.edu\/clacx\/wp-json\/wp\/v2\/comments?post=2402"}],"version-history":[{"count":2,"href":"https:\/\/as.vanderbilt.edu\/clacx\/wp-json\/wp\/v2\/pages\/2402\/revisions"}],"predecessor-version":[{"id":2404,"href":"https:\/\/as.vanderbilt.edu\/clacx\/wp-json\/wp\/v2\/pages\/2402\/revisions\/2404"}],"up":[{"embeddable":true,"href":"https:\/\/as.vanderbilt.edu\/clacx\/wp-json\/wp\/v2\/pages\/2367"}],"wp:attachment":[{"href":"https:\/\/as.vanderbilt.edu\/clacx\/wp-json\/wp\/v2\/media?parent=2402"}],"wp:term":[{"taxonomy":"post_tag","embeddable":true,"href":"https:\/\/as.vanderbilt.edu\/clacx\/wp-json\/wp\/v2\/tags?post=2402"}],"curies":[{"name":"wp","href":"https:\/\/api.w.org\/{rel}","templated":true}]}}